{"id":20313,"date":"2024-05-14T20:36:04","date_gmt":"2024-05-14T23:36:04","guid":{"rendered":"https:\/\/www.unifio.edu.br\/home\/?page_id=20313"},"modified":"2025-05-06T17:19:01","modified_gmt":"2025-05-06T20:19:01","slug":"egressos","status":"publish","type":"page","link":"https:\/\/www.unifio.edu.br\/home\/egressos\/","title":{"rendered":"Programa de Acompanhamento de Egressos"},"content":{"rendered":"\t\t<div data-elementor-type=\"wp-page\" data-elementor-id=\"20313\" class=\"elementor elementor-20313\">\n\t\t\t\t\t\t<section class=\"elementor-section elementor-top-section elementor-element elementor-element-e4d3332 elementor-section-full_width elementor-section-height-default elementor-section-height-default\" data-id=\"e4d3332\" data-element_type=\"section\">\n\t\t\t\t\t\t<div class=\"elementor-container elementor-column-gap-default\">\n\t\t\t\t\t<div class=\"elementor-column elementor-col-100 elementor-top-column elementor-element elementor-element-67ac20a\" data-id=\"67ac20a\" data-element_type=\"column\">\n\t\t\t<div class=\"elementor-widget-wrap elementor-element-populated\">\n\t\t\t\t\t\t<div class=\"elementor-element elementor-element-f243c43 elementor-widget__width-inherit Depoimento Egressos elementor-widget elementor-widget-heading\" data-id=\"f243c43\" data-element_type=\"widget\" id=\"EGS2024\" data-widget_type=\"heading.default\">\n\t\t\t\t<div class=\"elementor-widget-container\">\n\t\t\t\t\t<h3 class=\"elementor-heading-title elementor-size-default\">DEPOIMENTOS EGRESSOS<\/h3>\t\t\t\t<\/div>\n\t\t\t\t<\/div>\n\t\t\t\t\t<\/div>\n\t\t<\/div>\n\t\t\t\t\t<\/div>\n\t\t<\/section>\n\t\t\t\t<section class=\"elementor-section elementor-top-section elementor-element elementor-element-27f42da elementor-section-full_width elementor-section-height-default elementor-section-height-default\" data-id=\"27f42da\" data-element_type=\"section\">\n\t\t\t\t\t\t\t<div class=\"elementor-background-overlay\"><\/div>\n\t\t\t\t\t\t\t<div class=\"elementor-container elementor-column-gap-default\">\n\t\t\t\t\t<div class=\"elementor-column elementor-col-100 elementor-top-column elementor-element elementor-element-a26d744\" data-id=\"a26d744\" data-element_type=\"column\">\n\t\t\t<div class=\"elementor-widget-wrap elementor-element-populated\">\n\t\t\t\t\t\t<div class=\"elementor-element elementor-element-e465998 elementor-widget-divider--view-line elementor-widget elementor-widget-divider\" data-id=\"e465998\" data-element_type=\"widget\" data-widget_type=\"divider.default\">\n\t\t\t\t<div class=\"elementor-widget-container\">\n\t\t\t\t\t\t\t<div class=\"elementor-divider\">\n\t\t\t<span class=\"elementor-divider-separator\">\n\t\t\t\t\t\t<\/span>\n\t\t<\/div>\n\t\t\t\t\t\t<\/div>\n\t\t\t\t<\/div>\n\t\t\t\t<div class=\"elementor-element elementor-element-2504378 elementor-widget elementor-widget-testimonial\" data-id=\"2504378\" data-element_type=\"widget\" data-widget_type=\"testimonial.default\">\n\t\t\t\t<div class=\"elementor-widget-container\">\n\t\t\t\t\t\t\t<div class=\"elementor-testimonial-wrapper\">\n\t\t\t\t\t\t\t<div class=\"elementor-testimonial-content\"><span id=\"docs-internal-guid-36dfeb95-7fff-0e80-06a2-c5db5aeedc70\"><span style=\"font-size: 11pt;font-family: Calibri, sans-serif;font-style: italic\">\u201cIngressei na UNIFIO com um objetivo claro: construir uma base s\u00f3lida para minha carreira em Biomedicina. Vim de Santo Ant\u00f4nio da Platina, no Paran\u00e1, e fiz parte das primeiras turmas do curso, enfrentando o desafio da pandemia com resili\u00eancia e foco.&nbsp; Desde o in\u00edcio, tive acesso a uma estrutura de ponta e a professores altamente qualificados, que ofereceram uma forma\u00e7\u00e3o te\u00f3rica e pr\u00e1tica de excel\u00eancia. Apesar do foco em an\u00e1lises cl\u00ednicas, busquei ampliar minha forma\u00e7\u00e3o explorando outras \u00e1reas da Biomedicina. Participei de jornadas biom\u00e9dicas, palestras com especialistas renomados e tive contato direto com membros do Conselho Regional de Biomedicina de SP. Minha entrada no mercado foi estrat\u00e9gica. Meu coordenador de curso Luciano Lobo Gatti indicou uma vaga em um laborat\u00f3rio local, onde fui contratado como estagi\u00e1rio e promovido a analista cl\u00ednico em menos de um ano \u2014 reflexo direto da minha forma\u00e7\u00e3o e desempenho. Em 2024, publiquei meu primeiro artigo internacional na International Journal of Health Science, consolidando meu compromisso com a ci\u00eancia e a excel\u00eancia. Atualmente, sou biom\u00e9dico analista no setor de hematologia em um laborat\u00f3rio de an\u00e1lises cl\u00ednicas em Santo Ant\u00f4nio da Platina (PR), atuando no diagn\u00f3stico e preven\u00e7\u00e3o de doen\u00e7as com precis\u00e3o e responsabilidade\u201d.<\/span><\/span><\/div>\n\t\t\t\n\t\t\t\t\t\t<div class=\"elementor-testimonial-meta elementor-has-image elementor-testimonial-image-position-aside\">\n\t\t\t\t<div class=\"elementor-testimonial-meta-inner\">\n\t\t\t\t\t\t\t\t\t\t\t<div class=\"elementor-testimonial-image\">\n\t\t\t\t\t\t\t<img fetchpriority=\"high\" decoding=\"async\" width=\"864\" height=\"1152\" src=\"https:\/\/www.unifio.edu.br\/wp-content\/uploads\/2025\/05\/Christian-Muller.jpg\" class=\"attachment-full size-full wp-image-21992\" alt=\"\" srcset=\"https:\/\/www.unifio.edu.br\/wp-content\/uploads\/2025\/05\/Christian-Muller.jpg 864w, https:\/\/www.unifio.edu.br\/wp-content\/uploads\/2025\/05\/Christian-Muller-225x300.jpg 225w, https:\/\/www.unifio.edu.br\/wp-content\/uploads\/2025\/05\/Christian-Muller-768x1024.jpg 768w, https:\/\/www.unifio.edu.br\/wp-content\/uploads\/2025\/05\/Christian-Muller-600x800.jpg 600w\" sizes=\"(max-width: 864px) 100vw, 864px\" \/>\t\t\t\t\t\t<\/div>\n\t\t\t\t\t\n\t\t\t\t\t\t\t\t\t\t<div class=\"elementor-testimonial-details\">\n\t\t\t\t\t\t\t\t\t\t\t\t\t\t<div class=\"elementor-testimonial-name\">Christian Muller<\/div>\n\t\t\t\t\t\t\t\t\t\t\t\t\t\t\t\t\t\t\t\t\t\t<div class=\"elementor-testimonial-job\">Biomedicina | Ano de Conclus\u00e3o: 2024<\/div>\n\t\t\t\t\t\t\t\t\t\t\t\t\t<\/div>\n\t\t\t\t\t\t\t\t\t<\/div>\n\t\t\t<\/div>\n\t\t\t\t\t<\/div>\n\t\t\t\t\t\t<\/div>\n\t\t\t\t<\/div>\n\t\t\t\t<div class=\"elementor-element elementor-element-8c02e71 elementor-widget-divider--view-line elementor-widget elementor-widget-divider\" data-id=\"8c02e71\" data-element_type=\"widget\" data-widget_type=\"divider.default\">\n\t\t\t\t<div class=\"elementor-widget-container\">\n\t\t\t\t\t\t\t<div class=\"elementor-divider\">\n\t\t\t<span class=\"elementor-divider-separator\">\n\t\t\t\t\t\t<\/span>\n\t\t<\/div>\n\t\t\t\t\t\t<\/div>\n\t\t\t\t<\/div>\n\t\t\t\t<div class=\"elementor-element elementor-element-dd80b38 elementor-widget elementor-widget-testimonial\" data-id=\"dd80b38\" data-element_type=\"widget\" data-widget_type=\"testimonial.default\">\n\t\t\t\t<div class=\"elementor-widget-container\">\n\t\t\t\t\t\t\t<div class=\"elementor-testimonial-wrapper\">\n\t\t\t\t\t\t\t<div class=\"elementor-testimonial-content\"><span id=\"docs-internal-guid-ddbdeaaf-7fff-8bc6-799d-a52b924bba57\"><span style=\"font-size: 11pt;font-family: Calibri, sans-serif;font-style: italic\">\u201cMinha trajet\u00f3ria na odontologia come\u00e7ou em 2020, quando ingressei na gradua\u00e7\u00e3o com o desejo de transformar vidas por meio do sorriso. Desde o in\u00edcio, fui privilegiada por estudar em uma institui\u00e7\u00e3o com excelente estrutura e um corpo docente altamente qualificado, o que me proporcionou uma base s\u00f3lida e atualizada para minha forma\u00e7\u00e3o acad\u00eamica e cl\u00ednica. Sempre acreditei que a odontologia vai al\u00e9m da pr\u00e1tica cl\u00ednica, e por isso busquei participar ativamente de congressos, onde tive a oportunidade de apresentar trabalhos cient\u00edficos, trocar experi\u00eancias e expandir meu conhecimento. Em 2022, fui contemplada com uma bolsa PIBIC (Programa Institucional de Bolsas de Inicia\u00e7\u00e3o Cient\u00edfica), um marco importante na minha trajet\u00f3ria, que culminou na publica\u00e7\u00e3o de um artigo cient\u00edfico \u2013 um momento de grande orgulho e reconhecimento do meu comprometimento com a pesquisa e a ci\u00eancia. Essas experi\u00eancias moldaram minha vis\u00e3o profissional e me prepararam para atuar com excel\u00eancia, \u00e9tica e constante atualiza\u00e7\u00e3o.\u201d<\/span><\/span><\/div>\n\t\t\t\n\t\t\t\t\t\t<div class=\"elementor-testimonial-meta elementor-has-image elementor-testimonial-image-position-aside\">\n\t\t\t\t<div class=\"elementor-testimonial-meta-inner\">\n\t\t\t\t\t\t\t\t\t\t\t<div class=\"elementor-testimonial-image\">\n\t\t\t\t\t\t\t<img decoding=\"async\" width=\"259\" height=\"280\" src=\"https:\/\/www.unifio.edu.br\/wp-content\/uploads\/2025\/05\/Isabella-R.-Leite-1.png\" class=\"attachment-full size-full wp-image-21991\" alt=\"\" \/>\t\t\t\t\t\t<\/div>\n\t\t\t\t\t\n\t\t\t\t\t\t\t\t\t\t<div class=\"elementor-testimonial-details\">\n\t\t\t\t\t\t\t\t\t\t\t\t\t\t<div class=\"elementor-testimonial-name\">Isabela R. Leite<\/div>\n\t\t\t\t\t\t\t\t\t\t\t\t\t\t\t\t\t\t\t\t\t\t<div class=\"elementor-testimonial-job\">Odontologia | Ano de Conclus\u00e3o: 2024<\/div>\n\t\t\t\t\t\t\t\t\t\t\t\t\t<\/div>\n\t\t\t\t\t\t\t\t\t<\/div>\n\t\t\t<\/div>\n\t\t\t\t\t<\/div>\n\t\t\t\t\t\t<\/div>\n\t\t\t\t<\/div>\n\t\t\t\t<div class=\"elementor-element elementor-element-9901093 elementor-widget-divider--view-line elementor-widget elementor-widget-divider\" data-id=\"9901093\" data-element_type=\"widget\" data-widget_type=\"divider.default\">\n\t\t\t\t<div class=\"elementor-widget-container\">\n\t\t\t\t\t\t\t<div class=\"elementor-divider\">\n\t\t\t<span class=\"elementor-divider-separator\">\n\t\t\t\t\t\t<\/span>\n\t\t<\/div>\n\t\t\t\t\t\t<\/div>\n\t\t\t\t<\/div>\n\t\t\t\t<div class=\"elementor-element elementor-element-f432668 elementor-widget elementor-widget-testimonial\" data-id=\"f432668\" data-element_type=\"widget\" data-widget_type=\"testimonial.default\">\n\t\t\t\t<div class=\"elementor-widget-container\">\n\t\t\t\t\t\t\t<div class=\"elementor-testimonial-wrapper\">\n\t\t\t\t\t\t\t<div class=\"elementor-testimonial-content\"><span id=\"docs-internal-guid-fa696eee-7fff-d4e7-219b-a934c5847cde\"><span style=\"font-size: 11pt;font-family: Calibri, sans-serif\">\u201c<\/span><span style=\"font-size: 11pt;font-family: Calibri, sans-serif;font-style: italic\">Sa\u00ed do Nordeste em busca de um sonho: transformar minha realidade e vencer a pobreza extrema. Conheci a UniFio atrav\u00e9s de amigos e, no ano seguinte, j\u00e1 estava matriculada. Encontrei ali um corpo docente acolhedor e capacitado, que me desafiou e me apoiou na realiza\u00e7\u00e3o do meu maior objetivo: ingressar no mestrado e seguir na carreira acad\u00eamica. Hoje, rec\u00e9m-formada, estou cursando mestrado na Universidade Estadual do Norte do Paran\u00e1 e atuando na linha de frente da Aten\u00e7\u00e3o B\u00e1sica, como enfermeira no munic\u00edpio de Ourinhos. Sou imensamente grata ao professor Juliano, e a todos os professores que fizeram \u2013 e continuam fazendo \u2013 a diferen\u00e7a na minha vida. Eles n\u00e3o apenas me ensinaram, mas ajudaram a mudar a minha hist\u00f3ria.\u201d<\/span><\/span><\/div>\n\t\t\t\n\t\t\t\t\t\t<div class=\"elementor-testimonial-meta elementor-has-image elementor-testimonial-image-position-aside\">\n\t\t\t\t<div class=\"elementor-testimonial-meta-inner\">\n\t\t\t\t\t\t\t\t\t\t\t<div class=\"elementor-testimonial-image\">\n\t\t\t\t\t\t\t<img decoding=\"async\" width=\"244\" height=\"202\" src=\"https:\/\/www.unifio.edu.br\/wp-content\/uploads\/2025\/05\/Hariel-Sa-Sousa-1.jpg\" class=\"attachment-full size-full wp-image-21989\" alt=\"\" \/>\t\t\t\t\t\t<\/div>\n\t\t\t\t\t\n\t\t\t\t\t\t\t\t\t\t<div class=\"elementor-testimonial-details\">\n\t\t\t\t\t\t\t\t\t\t\t\t\t\t<div class=\"elementor-testimonial-name\">Hariel S\u00e1 Sousa<\/div>\n\t\t\t\t\t\t\t\t\t\t\t\t\t\t\t\t\t\t\t\t\t\t<div class=\"elementor-testimonial-job\">Enfermagem | Ano de Conclus\u00e3o: 2024<\/div>\n\t\t\t\t\t\t\t\t\t\t\t\t\t<\/div>\n\t\t\t\t\t\t\t\t\t<\/div>\n\t\t\t<\/div>\n\t\t\t\t\t<\/div>\n\t\t\t\t\t\t<\/div>\n\t\t\t\t<\/div>\n\t\t\t\t<div class=\"elementor-element elementor-element-a8be77b elementor-widget-divider--view-line elementor-widget elementor-widget-divider\" data-id=\"a8be77b\" data-element_type=\"widget\" data-widget_type=\"divider.default\">\n\t\t\t\t<div class=\"elementor-widget-container\">\n\t\t\t\t\t\t\t<div class=\"elementor-divider\">\n\t\t\t<span class=\"elementor-divider-separator\">\n\t\t\t\t\t\t<\/span>\n\t\t<\/div>\n\t\t\t\t\t\t<\/div>\n\t\t\t\t<\/div>\n\t\t\t\t<div class=\"elementor-element elementor-element-ab62fef elementor-widget elementor-widget-testimonial\" data-id=\"ab62fef\" data-element_type=\"widget\" data-widget_type=\"testimonial.default\">\n\t\t\t\t<div class=\"elementor-widget-container\">\n\t\t\t\t\t\t\t<div class=\"elementor-testimonial-wrapper\">\n\t\t\t\t\t\t\t<div class=\"elementor-testimonial-content\"><span><span style=\"font-size: 11pt;font-family: Calibri, sans-serif\">\u201c<\/span><span style=\"font-size: 11pt;font-family: Calibri, sans-serif;font-style: italic\">A gradua\u00e7\u00e3o \u00e9 uma experi\u00eancia \u00fanica e desafiadora, mas que vale a pena cada instante vivido quando vemos que conclu\u00edmos tamanho desafio. Durante todos os anos de gradua\u00e7\u00e3o o corpo docente do curso sempre esteve presente nos auxiliando e sendo exemplos de profissionais, nos guiando ao abrir os nossos olhos do que iremos encontrar ap\u00f3s a conclus\u00e3o do curso, principalmente no ano de est\u00e1gio supervisionado; quanto crescimento profissional e experi\u00eancias trocadas que nos foram propostas, onde realmente aplicamos toda a teoria aprendida na pura pr\u00e1tica de viv\u00eancia. Durante a gradua\u00e7\u00e3o tive a oportunidade de participar de monitorias acad\u00eamicas, atividades curriculares que a faculdade sempre estava envolvida e sempre buscando mais conhecimento. Sai da gradua\u00e7\u00e3o j\u00e1 atuando na \u00e1rea de Pilates e com atendimentos domiciliares<\/span><span style=\"font-size: 11pt;font-family: Calibri, sans-serif;font-style: italic\">.\u201d.<\/span><\/span><\/div>\n\t\t\t\n\t\t\t\t\t\t<div class=\"elementor-testimonial-meta elementor-has-image elementor-testimonial-image-position-aside\">\n\t\t\t\t<div class=\"elementor-testimonial-meta-inner\">\n\t\t\t\t\t\t\t\t\t\t\t<div class=\"elementor-testimonial-image\">\n\t\t\t\t\t\t\t<img loading=\"lazy\" decoding=\"async\" width=\"317\" height=\"326\" src=\"https:\/\/www.unifio.edu.br\/wp-content\/uploads\/2025\/05\/Leticia-de-Almeida-Silva.jpg\" class=\"attachment-full size-full wp-image-21987\" alt=\"\" srcset=\"https:\/\/www.unifio.edu.br\/wp-content\/uploads\/2025\/05\/Leticia-de-Almeida-Silva.jpg 317w, https:\/\/www.unifio.edu.br\/wp-content\/uploads\/2025\/05\/Leticia-de-Almeida-Silva-292x300.jpg 292w\" sizes=\"(max-width: 317px) 100vw, 317px\" \/>\t\t\t\t\t\t<\/div>\n\t\t\t\t\t\n\t\t\t\t\t\t\t\t\t\t<div class=\"elementor-testimonial-details\">\n\t\t\t\t\t\t\t\t\t\t\t\t\t\t<div class=\"elementor-testimonial-name\">Let\u00edcia de Almeida Silva<\/div>\n\t\t\t\t\t\t\t\t\t\t\t\t\t\t\t\t\t\t\t\t\t\t<div class=\"elementor-testimonial-job\">Fisioterapia | Ano de Conclus\u00e3o: 2024<\/div>\n\t\t\t\t\t\t\t\t\t\t\t\t\t<\/div>\n\t\t\t\t\t\t\t\t\t<\/div>\n\t\t\t<\/div>\n\t\t\t\t\t<\/div>\n\t\t\t\t\t\t<\/div>\n\t\t\t\t<\/div>\n\t\t\t\t<div class=\"elementor-element elementor-element-41174ec elementor-widget-divider--view-line elementor-widget elementor-widget-divider\" data-id=\"41174ec\" data-element_type=\"widget\" data-widget_type=\"divider.default\">\n\t\t\t\t<div class=\"elementor-widget-container\">\n\t\t\t\t\t\t\t<div class=\"elementor-divider\">\n\t\t\t<span class=\"elementor-divider-separator\">\n\t\t\t\t\t\t<\/span>\n\t\t<\/div>\n\t\t\t\t\t\t<\/div>\n\t\t\t\t<\/div>\n\t\t\t\t<div class=\"elementor-element elementor-element-729da53 elementor-widget elementor-widget-testimonial\" data-id=\"729da53\" data-element_type=\"widget\" data-widget_type=\"testimonial.default\">\n\t\t\t\t<div class=\"elementor-widget-container\">\n\t\t\t\t\t\t\t<div class=\"elementor-testimonial-wrapper\">\n\t\t\t\t\t\t\t<div class=\"elementor-testimonial-content\"><span id=\"docs-internal-guid-ee1d4d2d-7fff-9284-1ba4-bd9c010a48db\"><span style=\"font-size: 11pt;font-family: Calibri, sans-serif;font-style: italic\">\"<\/span><span style=\"font-size: 11pt;font-family: Calibri, sans-serif;font-style: italic\"> Sou Psic\u00f3loga formada pela Unifio. Iniciei minha gradua\u00e7\u00e3o em 2020 e finalizei em 2024. A gradua\u00e7\u00e3o em Psicologia \u00e9 uma jornada transformadora que vai muito al\u00e9m do conhecimento t\u00e9cnico, ao longo do curso foi poss\u00edvel vivenciar na pr\u00e1tica cl\u00ednica e institucional a import\u00e2ncia da nossa \u00e9tica e comprometimento como profissionais da sa\u00fade mental, al\u00e9m de uma oportunidade \u00fanica, no campo da inicia\u00e7\u00e3o cient\u00edfica, sendo bolsista CNPq em 202-2024. Hoje atuo no N\u00facleo de Interven\u00e7\u00e3o Comportamental Infantil Especializado em ABA (UNITARE), levando diariamente os ensinamentos e conhecimentos concebidos durante a gradua\u00e7\u00e3o, pela Unifio.<\/span><span style=\"font-size: 11pt;font-family: Calibri, sans-serif;font-style: italic\">\"<\/span><\/span><\/div>\n\t\t\t\n\t\t\t\t\t\t<div class=\"elementor-testimonial-meta elementor-has-image elementor-testimonial-image-position-aside\">\n\t\t\t\t<div class=\"elementor-testimonial-meta-inner\">\n\t\t\t\t\t\t\t\t\t\t\t<div class=\"elementor-testimonial-image\">\n\t\t\t\t\t\t\t<img loading=\"lazy\" decoding=\"async\" width=\"810\" height=\"739\" src=\"https:\/\/www.unifio.edu.br\/wp-content\/uploads\/2025\/05\/Emily-Malvassoura-Sanches.jpg\" class=\"attachment-full size-full wp-image-21985\" alt=\"\" srcset=\"https:\/\/www.unifio.edu.br\/wp-content\/uploads\/2025\/05\/Emily-Malvassoura-Sanches.jpg 810w, https:\/\/www.unifio.edu.br\/wp-content\/uploads\/2025\/05\/Emily-Malvassoura-Sanches-300x274.jpg 300w, https:\/\/www.unifio.edu.br\/wp-content\/uploads\/2025\/05\/Emily-Malvassoura-Sanches-768x701.jpg 768w\" sizes=\"(max-width: 810px) 100vw, 810px\" \/>\t\t\t\t\t\t<\/div>\n\t\t\t\t\t\n\t\t\t\t\t\t\t\t\t\t<div class=\"elementor-testimonial-details\">\n\t\t\t\t\t\t\t\t\t\t\t\t\t\t<div class=\"elementor-testimonial-name\">Emily Malvassoura Sanches<\/div>\n\t\t\t\t\t\t\t\t\t\t\t\t\t\t\t\t\t\t\t\t\t\t<div class=\"elementor-testimonial-job\">Psicologia | Ano de Conclus\u00e3o: 2024<\/div>\n\t\t\t\t\t\t\t\t\t\t\t\t\t<\/div>\n\t\t\t\t\t\t\t\t\t<\/div>\n\t\t\t<\/div>\n\t\t\t\t\t<\/div>\n\t\t\t\t\t\t<\/div>\n\t\t\t\t<\/div>\n\t\t\t\t<div class=\"elementor-element elementor-element-1deefc7 elementor-widget-divider--view-line elementor-widget elementor-widget-divider\" data-id=\"1deefc7\" data-element_type=\"widget\" data-widget_type=\"divider.default\">\n\t\t\t\t<div class=\"elementor-widget-container\">\n\t\t\t\t\t\t\t<div class=\"elementor-divider\">\n\t\t\t<span class=\"elementor-divider-separator\">\n\t\t\t\t\t\t<\/span>\n\t\t<\/div>\n\t\t\t\t\t\t<\/div>\n\t\t\t\t<\/div>\n\t\t\t\t<div class=\"elementor-element elementor-element-2e54efb elementor-widget elementor-widget-testimonial\" data-id=\"2e54efb\" data-element_type=\"widget\" data-widget_type=\"testimonial.default\">\n\t\t\t\t<div class=\"elementor-widget-container\">\n\t\t\t\t\t\t\t<div class=\"elementor-testimonial-wrapper\">\n\t\t\t\t\t\t\t<div class=\"elementor-testimonial-content\"><span id=\"docs-internal-guid-932f4e55-7fff-c02e-5e4d-8906f7aaa72f\"><span style=\"font-size: 11pt;font-family: Calibri, sans-serif\">\u201c\u00c9 com imensa gratid\u00e3o, carinho e amor que falo da UNIFIO, institui\u00e7\u00e3o na qual tive a honra de realizar um dos maiores sonhos da minha vida: tornar-me nutricionista. Como integrante da primeira turma do curso de Nutri\u00e7\u00e3o, afirmo com plena convic\u00e7\u00e3o que n\u00e3o haveria lugar mais adequado para a concretiza\u00e7\u00e3o deste projeto t\u00e3o especial. Sentimentos como encanto, ansiedade e emo\u00e7\u00e3o marcaram meus momentos e me acompanharam ao longo de toda a gradua\u00e7\u00e3o. A cada etapa \u2014 dias, meses, semestres e anos, novas experi\u00eancias surgiam, proporcionando viv\u00eancias enriquecedoras que foram fundamentais para a minha forma\u00e7\u00e3o profissional e pessoal. Ao concluir a gradua\u00e7\u00e3o e ingressar no mercado de trabalho, deparei-me com situa\u00e7\u00f5es nas quais j\u00e1 havia sido inserida durante os est\u00e1gios e demais atividades acad\u00eamicas. Foi extremamente reconfortante perceber que eu estava preparada para os desafios da profiss\u00e3o. Atualmente, atuo na \u00e1rea de merenda escolar, campo ao qual fui apresentada ainda na faculdade e que me conquistou profundamente\u201d<\/span><\/span><\/div>\n\t\t\t\n\t\t\t\t\t\t<div class=\"elementor-testimonial-meta elementor-has-image elementor-testimonial-image-position-aside\">\n\t\t\t\t<div class=\"elementor-testimonial-meta-inner\">\n\t\t\t\t\t\t\t\t\t\t\t<div class=\"elementor-testimonial-image\">\n\t\t\t\t\t\t\t<img loading=\"lazy\" decoding=\"async\" width=\"514\" height=\"475\" src=\"https:\/\/www.unifio.edu.br\/wp-content\/uploads\/2025\/05\/Bianca-Cristina-Amadeus.jpg\" class=\"attachment-full size-full wp-image-21986\" alt=\"\" srcset=\"https:\/\/www.unifio.edu.br\/wp-content\/uploads\/2025\/05\/Bianca-Cristina-Amadeus.jpg 514w, https:\/\/www.unifio.edu.br\/wp-content\/uploads\/2025\/05\/Bianca-Cristina-Amadeus-300x277.jpg 300w\" sizes=\"(max-width: 514px) 100vw, 514px\" \/>\t\t\t\t\t\t<\/div>\n\t\t\t\t\t\n\t\t\t\t\t\t\t\t\t\t<div class=\"elementor-testimonial-details\">\n\t\t\t\t\t\t\t\t\t\t\t\t\t\t<div class=\"elementor-testimonial-name\">Bianca Cristina Amadeus<\/div>\n\t\t\t\t\t\t\t\t\t\t\t\t\t\t\t\t\t\t\t\t\t\t<div class=\"elementor-testimonial-job\">Nutri\u00e7\u00e3o | Ano de Conclus\u00e3o: 2024<\/div>\n\t\t\t\t\t\t\t\t\t\t\t\t\t<\/div>\n\t\t\t\t\t\t\t\t\t<\/div>\n\t\t\t<\/div>\n\t\t\t\t\t<\/div>\n\t\t\t\t\t\t<\/div>\n\t\t\t\t<\/div>\n\t\t\t\t<div class=\"elementor-element elementor-element-c1d9b30 elementor-widget-divider--view-line elementor-widget elementor-widget-divider\" data-id=\"c1d9b30\" data-element_type=\"widget\" data-widget_type=\"divider.default\">\n\t\t\t\t<div class=\"elementor-widget-container\">\n\t\t\t\t\t\t\t<div class=\"elementor-divider\">\n\t\t\t<span class=\"elementor-divider-separator\">\n\t\t\t\t\t\t<\/span>\n\t\t<\/div>\n\t\t\t\t\t\t<\/div>\n\t\t\t\t<\/div>\n\t\t\t\t<div class=\"elementor-element elementor-element-cb51450 elementor-widget elementor-widget-testimonial\" data-id=\"cb51450\" data-element_type=\"widget\" data-widget_type=\"testimonial.default\">\n\t\t\t\t<div class=\"elementor-widget-container\">\n\t\t\t\t\t\t\t<div class=\"elementor-testimonial-wrapper\">\n\t\t\t\t\t\t\t<div class=\"elementor-testimonial-content\"><span id=\"docs-internal-guid-c0551eab-7fff-a73b-e1da-24ca1aaa1cfd\"><span style=\"font-size: 11pt;font-family: Calibri, sans-serif;font-style: italic\">\u201c Ingressei na universidade em 2020, fazendo parte da segunda turma do curso na UNIFIO. Os primeiros anos da minha gradua\u00e7\u00e3o coincidiram com o per\u00edodo da pandemia, e mesmo diante desse desafio, a qualidade e a disponibilidade das aulas foram mantidas com excel\u00eancia. Desde o in\u00edcio at\u00e9 a conclus\u00e3o do curso, tive acesso a conte\u00fados enriquecedores e a professores altamente capacitados. Ao longo da gradua\u00e7\u00e3o, vivi experi\u00eancias extracurriculares que contribu\u00edram para a minha forma\u00e7\u00e3o. Fui bolsista de Inicia\u00e7\u00e3o Cient\u00edfica (IC) pelo PIBIC\/CNPq, atuando em um projeto voltado ao estudo da COVID-19. Tamb\u00e9m participei do Curso de Inverno da FMRP-USP nas \u00e1reas de Bioqu\u00edmica e Biologia Molecular. Na pr\u00f3pria UNIFIO, estive presente em workshops e Congressos de Inicia\u00e7\u00e3o Cient\u00edfica, fortalecendo ainda mais minha viv\u00eancia acad\u00eamica. Em 2024, tive a oportunidade de trabalhar em um laborat\u00f3rio de an\u00e1lises cl\u00ednicas, atuando tanto no setor pr\u00e9-anal\u00edtico. No mesmo ano me inscrevi no processo seletivo para o mestrado acad\u00eamico. Atualmente, sou aluna do Programa de Mestrado em&nbsp; Sa\u00fade no Envelhecimento da Faculdade de Medicina de Mar\u00edlia (FAMEMA), onde desenvolvo uma pesquisa sobre o c\u00e2ncer g\u00e1strico no laborat\u00f3rio de gen\u00e9tica. \u201c<\/span><\/span><\/div>\n\t\t\t\n\t\t\t\t\t\t<div class=\"elementor-testimonial-meta elementor-has-image elementor-testimonial-image-position-aside\">\n\t\t\t\t<div class=\"elementor-testimonial-meta-inner\">\n\t\t\t\t\t\t\t\t\t\t\t<div class=\"elementor-testimonial-image\">\n\t\t\t\t\t\t\t<img loading=\"lazy\" decoding=\"async\" width=\"489\" height=\"652\" src=\"https:\/\/www.unifio.edu.br\/wp-content\/uploads\/2025\/05\/Mikaela-Nagahara.jpg\" class=\"attachment-full size-full wp-image-21983\" alt=\"\" srcset=\"https:\/\/www.unifio.edu.br\/wp-content\/uploads\/2025\/05\/Mikaela-Nagahara.jpg 489w, https:\/\/www.unifio.edu.br\/wp-content\/uploads\/2025\/05\/Mikaela-Nagahara-225x300.jpg 225w\" sizes=\"(max-width: 489px) 100vw, 489px\" \/>\t\t\t\t\t\t<\/div>\n\t\t\t\t\t\n\t\t\t\t\t\t\t\t\t\t<div class=\"elementor-testimonial-details\">\n\t\t\t\t\t\t\t\t\t\t\t\t\t\t<div class=\"elementor-testimonial-name\">Mikaela Nagaha<\/div>\n\t\t\t\t\t\t\t\t\t\t\t\t\t\t\t\t\t\t\t\t\t\t<div class=\"elementor-testimonial-job\">Biomedicina | Ano de Conclus\u00e3o: 2023<\/div>\n\t\t\t\t\t\t\t\t\t\t\t\t\t<\/div>\n\t\t\t\t\t\t\t\t\t<\/div>\n\t\t\t<\/div>\n\t\t\t\t\t<\/div>\n\t\t\t\t\t\t<\/div>\n\t\t\t\t<\/div>\n\t\t\t\t<div class=\"elementor-element elementor-element-8d5dc2a elementor-widget-divider--view-line elementor-widget elementor-widget-divider\" data-id=\"8d5dc2a\" data-element_type=\"widget\" data-widget_type=\"divider.default\">\n\t\t\t\t<div class=\"elementor-widget-container\">\n\t\t\t\t\t\t\t<div class=\"elementor-divider\">\n\t\t\t<span class=\"elementor-divider-separator\">\n\t\t\t\t\t\t<\/span>\n\t\t<\/div>\n\t\t\t\t\t\t<\/div>\n\t\t\t\t<\/div>\n\t\t\t\t<div class=\"elementor-element elementor-element-bd8f1fe elementor-widget elementor-widget-testimonial\" data-id=\"bd8f1fe\" data-element_type=\"widget\" data-widget_type=\"testimonial.default\">\n\t\t\t\t<div class=\"elementor-widget-container\">\n\t\t\t\t\t\t\t<div class=\"elementor-testimonial-wrapper\">\n\t\t\t\t\t\t\t<div class=\"elementor-testimonial-content\"><span><span style=\"font-size: 11pt;font-family: Calibri, sans-serif\">\u201c<\/span><span style=\"font-size: 11pt;font-family: Calibri, sans-serif;font-style: italic\">Desde o in\u00edcio da gradua\u00e7\u00e3o, encontrei na universidade um ambiente acolhedor, com professores dedicados e uma estrutura que contribuiu muito para minha forma\u00e7\u00e3o.&nbsp; participa\u00e7\u00e3o em projetos e eventos acad\u00eamicos fortaleceu minha base para os desafios da carreira jur\u00eddica. Mesmo ap\u00f3s a conclus\u00e3o do curso, em 2022, mantenho um v\u00ednculo com a institui\u00e7\u00e3o, que segue oferecendo apoio em iniciativas acad\u00eamicas e jur\u00eddicas. Atualmente, atuo como advogada, especialista em Direito Imobili\u00e1rio.\u201d<\/span><\/span><\/div>\n\t\t\t\n\t\t\t\t\t\t<div class=\"elementor-testimonial-meta elementor-has-image elementor-testimonial-image-position-aside\">\n\t\t\t\t<div class=\"elementor-testimonial-meta-inner\">\n\t\t\t\t\t\t\t\t\t\t\t<div class=\"elementor-testimonial-image\">\n\t\t\t\t\t\t\t<img loading=\"lazy\" decoding=\"async\" width=\"233\" height=\"211\" src=\"https:\/\/www.unifio.edu.br\/wp-content\/uploads\/2025\/05\/Taciane-Priscila-Dias-e1746556794363.jpg\" class=\"attachment-full size-full wp-image-21984\" alt=\"\" \/>\t\t\t\t\t\t<\/div>\n\t\t\t\t\t\n\t\t\t\t\t\t\t\t\t\t<div class=\"elementor-testimonial-details\">\n\t\t\t\t\t\t\t\t\t\t\t\t\t\t<div class=\"elementor-testimonial-name\">Taciane Priscila Dias<\/div>\n\t\t\t\t\t\t\t\t\t\t\t\t\t\t\t\t\t\t\t\t\t\t<div class=\"elementor-testimonial-job\">Direito | Ano de Conclus\u00e3o: 2022<\/div>\n\t\t\t\t\t\t\t\t\t\t\t\t\t<\/div>\n\t\t\t\t\t\t\t\t\t<\/div>\n\t\t\t<\/div>\n\t\t\t\t\t<\/div>\n\t\t\t\t\t\t<\/div>\n\t\t\t\t<\/div>\n\t\t\t\t<div class=\"elementor-element elementor-element-700ea41 elementor-widget-divider--view-line elementor-widget elementor-widget-divider\" data-id=\"700ea41\" data-element_type=\"widget\" data-widget_type=\"divider.default\">\n\t\t\t\t<div class=\"elementor-widget-container\">\n\t\t\t\t\t\t\t<div class=\"elementor-divider\">\n\t\t\t<span class=\"elementor-divider-separator\">\n\t\t\t\t\t\t<\/span>\n\t\t<\/div>\n\t\t\t\t\t\t<\/div>\n\t\t\t\t<\/div>\n\t\t\t\t<div class=\"elementor-element elementor-element-3ffc37a elementor-widget elementor-widget-testimonial\" data-id=\"3ffc37a\" data-element_type=\"widget\" data-widget_type=\"testimonial.default\">\n\t\t\t\t<div class=\"elementor-widget-container\">\n\t\t\t\t\t\t\t<div class=\"elementor-testimonial-wrapper\">\n\t\t\t\t\t\t\t<div class=\"elementor-testimonial-content\">\u201cMinha forma\u00e7\u00e3o \u00e9 em Biomedicina. Em 2021 iniciei o est\u00e1gio supervisionado em An\u00e1lises\nCl\u00ednicas, o que me beneficiou em uma \u00f3tima experi\u00eancia profissional. Fiz parte da primeira\nturma do curso no Unifio. Tive \u00f3timos professores e muito aprendizado. Meu TCC foi baseado\nem Citologia Onc\u00f3tica, e foi o incentivo pelo qual iniciei minha p\u00f3s-gradua\u00e7\u00e3o. A afinidade vem\nda curiosidade, nem sempre sabemos em que \u00e1rea seguir, mas devemos nos avaliar e\nalimentar o interesse por meio da informa\u00e7\u00e3o, de experi\u00eancias e do conhecimento.\u201d<br><br><\/div>\n\t\t\t\n\t\t\t\t\t\t<div class=\"elementor-testimonial-meta elementor-has-image elementor-testimonial-image-position-aside\">\n\t\t\t\t<div class=\"elementor-testimonial-meta-inner\">\n\t\t\t\t\t\t\t\t\t\t\t<div class=\"elementor-testimonial-image\">\n\t\t\t\t\t\t\t<img loading=\"lazy\" decoding=\"async\" width=\"1080\" height=\"1080\" src=\"https:\/\/www.unifio.edu.br\/wp-content\/uploads\/2024\/03\/Bianca-Jeronimo-Pimentel.png\" class=\"attachment-full size-full wp-image-19183\" alt=\"\" srcset=\"https:\/\/www.unifio.edu.br\/wp-content\/uploads\/2024\/03\/Bianca-Jeronimo-Pimentel.png 1080w, https:\/\/www.unifio.edu.br\/wp-content\/uploads\/2024\/03\/Bianca-Jeronimo-Pimentel-300x300.png 300w, https:\/\/www.unifio.edu.br\/wp-content\/uploads\/2024\/03\/Bianca-Jeronimo-Pimentel-1024x1024.png 1024w, https:\/\/www.unifio.edu.br\/wp-content\/uploads\/2024\/03\/Bianca-Jeronimo-Pimentel-150x150.png 150w, https:\/\/www.unifio.edu.br\/wp-content\/uploads\/2024\/03\/Bianca-Jeronimo-Pimentel-768x768.png 768w, https:\/\/www.unifio.edu.br\/wp-content\/uploads\/2024\/03\/Bianca-Jeronimo-Pimentel-500x500.png 500w\" sizes=\"(max-width: 1080px) 100vw, 1080px\" \/>\t\t\t\t\t\t<\/div>\n\t\t\t\t\t\n\t\t\t\t\t\t\t\t\t\t<div class=\"elementor-testimonial-details\">\n\t\t\t\t\t\t\t\t\t\t\t\t\t\t<div class=\"elementor-testimonial-name\">Bianca Jeronimo Pimentel<\/div>\n\t\t\t\t\t\t\t\t\t\t\t\t\t\t\t\t\t\t\t\t\t\t<div class=\"elementor-testimonial-job\">Biomedicina | Ano de Conclus\u00e3o: 2022<\/div>\n\t\t\t\t\t\t\t\t\t\t\t\t\t<\/div>\n\t\t\t\t\t\t\t\t\t<\/div>\n\t\t\t<\/div>\n\t\t\t\t\t<\/div>\n\t\t\t\t\t\t<\/div>\n\t\t\t\t<\/div>\n\t\t\t\t<div class=\"elementor-element elementor-element-f4175e5 elementor-widget-divider--view-line elementor-widget elementor-widget-divider\" data-id=\"f4175e5\" data-element_type=\"widget\" data-widget_type=\"divider.default\">\n\t\t\t\t<div class=\"elementor-widget-container\">\n\t\t\t\t\t\t\t<div class=\"elementor-divider\">\n\t\t\t<span class=\"elementor-divider-separator\">\n\t\t\t\t\t\t<\/span>\n\t\t<\/div>\n\t\t\t\t\t\t<\/div>\n\t\t\t\t<\/div>\n\t\t\t\t<div class=\"elementor-element elementor-element-45ddbf2 elementor-widget elementor-widget-testimonial\" data-id=\"45ddbf2\" data-element_type=\"widget\" data-widget_type=\"testimonial.default\">\n\t\t\t\t<div class=\"elementor-widget-container\">\n\t\t\t\t\t\t\t<div class=\"elementor-testimonial-wrapper\">\n\t\t\t\t\t\t\t<div class=\"elementor-testimonial-content\">\u201cFormada em Farm\u00e1cia em 2021, dediquei minha vida acad\u00eamica \u00e0 Farm\u00e1cia Cl\u00ednica e passei\npor grandes desafios. Escolhi o curso de Farm\u00e1cia e a Farm\u00e1cia me escolheu! \u00c9 uma \u00e1rea com\namplo mercado de trabalho e demanda crescente por especialistas. O trabalho multiprofissional\n\u00e9 muito presente na resid\u00eancia escolar. Atuo na resid\u00eancia de Farm\u00e1cia Hospitalar e Cl\u00ednica na\nUniversidade Estadual de Londrina. Acredito que n\u00e3o h\u00e1 melhor forma de aprender que n\u00e3o\nseja praticando, e a resid\u00eancia \u00e9 o lugar certo para isso. Busque sempre mais conhecimento,\nn\u00e3o se contente com pouco. \u00c9 preciso lutar por mais reconhecimento e ser essencial na vida\ndos pacientes.\u201d<\/div>\n\t\t\t\n\t\t\t\t\t\t<div class=\"elementor-testimonial-meta elementor-has-image elementor-testimonial-image-position-aside\">\n\t\t\t\t<div class=\"elementor-testimonial-meta-inner\">\n\t\t\t\t\t\t\t\t\t\t\t<div class=\"elementor-testimonial-image\">\n\t\t\t\t\t\t\t<img loading=\"lazy\" decoding=\"async\" width=\"1080\" height=\"1080\" src=\"https:\/\/www.unifio.edu.br\/wp-content\/uploads\/2024\/03\/Maria-Eduarda-Moraes-Mira.png\" class=\"attachment-full size-full wp-image-19207\" alt=\"\" srcset=\"https:\/\/www.unifio.edu.br\/wp-content\/uploads\/2024\/03\/Maria-Eduarda-Moraes-Mira.png 1080w, https:\/\/www.unifio.edu.br\/wp-content\/uploads\/2024\/03\/Maria-Eduarda-Moraes-Mira-300x300.png 300w, https:\/\/www.unifio.edu.br\/wp-content\/uploads\/2024\/03\/Maria-Eduarda-Moraes-Mira-1024x1024.png 1024w, https:\/\/www.unifio.edu.br\/wp-content\/uploads\/2024\/03\/Maria-Eduarda-Moraes-Mira-150x150.png 150w, https:\/\/www.unifio.edu.br\/wp-content\/uploads\/2024\/03\/Maria-Eduarda-Moraes-Mira-768x768.png 768w, https:\/\/www.unifio.edu.br\/wp-content\/uploads\/2024\/03\/Maria-Eduarda-Moraes-Mira-500x500.png 500w\" sizes=\"(max-width: 1080px) 100vw, 1080px\" \/>\t\t\t\t\t\t<\/div>\n\t\t\t\t\t\n\t\t\t\t\t\t\t\t\t\t<div class=\"elementor-testimonial-details\">\n\t\t\t\t\t\t\t\t\t\t\t\t\t\t<div class=\"elementor-testimonial-name\">Maria Eduarda Moraes Mira<\/div>\n\t\t\t\t\t\t\t\t\t\t\t\t\t\t\t\t\t\t\t\t\t\t<div class=\"elementor-testimonial-job\">Farm\u00e1cia  | Ano de Conclus\u00e3o: 2021<\/div>\n\t\t\t\t\t\t\t\t\t\t\t\t\t<\/div>\n\t\t\t\t\t\t\t\t\t<\/div>\n\t\t\t<\/div>\n\t\t\t\t\t<\/div>\n\t\t\t\t\t\t<\/div>\n\t\t\t\t<\/div>\n\t\t\t\t<div class=\"elementor-element elementor-element-5570f90 elementor-widget-divider--view-line elementor-widget elementor-widget-divider\" data-id=\"5570f90\" data-element_type=\"widget\" data-widget_type=\"divider.default\">\n\t\t\t\t<div class=\"elementor-widget-container\">\n\t\t\t\t\t\t\t<div class=\"elementor-divider\">\n\t\t\t<span class=\"elementor-divider-separator\">\n\t\t\t\t\t\t<\/span>\n\t\t<\/div>\n\t\t\t\t\t\t<\/div>\n\t\t\t\t<\/div>\n\t\t\t\t<div class=\"elementor-element elementor-element-4a5ceae elementor-widget elementor-widget-testimonial\" data-id=\"4a5ceae\" data-element_type=\"widget\" data-widget_type=\"testimonial.default\">\n\t\t\t\t<div class=\"elementor-widget-container\">\n\t\t\t\t\t\t\t<div class=\"elementor-testimonial-wrapper\">\n\t\t\t\t\t\t\t<div class=\"elementor-testimonial-content\">\u201cSou graduada em Odontologia desde 2021 pelo Unifio. Foi uma trajet\u00f3ria repleta de grandes\ndesafios e obst\u00e1culos dos quais contribu\u00edram para que hoje eu pudesse estar preparada para\nalcan\u00e7ar objetivos que at\u00e9 ent\u00e3o eram sonhos e hoje se concretizaram. Sou grata aos\nprofissionais desta Institui\u00e7\u00e3o pelo apoio \u00e0 minha vida pessoal e profissional, t\u00e3o essencial no\ntrilhar do meu caminho, resultado de sorrisos transformados. Atualmente executo a gest\u00e3o e\ndiretoria cl\u00ednica da Oral Unic de Ourinhos na qual sou s\u00f3cia-propriet\u00e1ria. O importante \u00e9 a\ndedica\u00e7\u00e3o, ela sempre vence o talento. Odontologia n\u00e3o \u00e9 s\u00f3 sobre dentes. Voc\u00ea pode\ntransformar vidas, hist\u00f3rias, devolver autoestima, alegria e muitos sorrisos. O sucesso ser\u00e1 a\nconsequ\u00eancia de toda a sua dedica\u00e7\u00e3o e isso come\u00e7a \u2018HOJE\u2019\u201d.<\/div>\n\t\t\t\n\t\t\t\t\t\t<div class=\"elementor-testimonial-meta elementor-has-image elementor-testimonial-image-position-aside\">\n\t\t\t\t<div class=\"elementor-testimonial-meta-inner\">\n\t\t\t\t\t\t\t\t\t\t\t<div class=\"elementor-testimonial-image\">\n\t\t\t\t\t\t\t<img loading=\"lazy\" decoding=\"async\" width=\"1080\" height=\"1080\" src=\"https:\/\/www.unifio.edu.br\/wp-content\/uploads\/2024\/03\/Jessica-dos-Santos-Bernini.png\" class=\"attachment-full size-full wp-image-19212\" alt=\"\" srcset=\"https:\/\/www.unifio.edu.br\/wp-content\/uploads\/2024\/03\/Jessica-dos-Santos-Bernini.png 1080w, https:\/\/www.unifio.edu.br\/wp-content\/uploads\/2024\/03\/Jessica-dos-Santos-Bernini-300x300.png 300w, https:\/\/www.unifio.edu.br\/wp-content\/uploads\/2024\/03\/Jessica-dos-Santos-Bernini-1024x1024.png 1024w, https:\/\/www.unifio.edu.br\/wp-content\/uploads\/2024\/03\/Jessica-dos-Santos-Bernini-150x150.png 150w, https:\/\/www.unifio.edu.br\/wp-content\/uploads\/2024\/03\/Jessica-dos-Santos-Bernini-768x768.png 768w, https:\/\/www.unifio.edu.br\/wp-content\/uploads\/2024\/03\/Jessica-dos-Santos-Bernini-500x500.png 500w\" sizes=\"(max-width: 1080px) 100vw, 1080px\" \/>\t\t\t\t\t\t<\/div>\n\t\t\t\t\t\n\t\t\t\t\t\t\t\t\t\t<div class=\"elementor-testimonial-details\">\n\t\t\t\t\t\t\t\t\t\t\t\t\t\t<div class=\"elementor-testimonial-name\">J\u00e9ssica dos Santos Bernini<\/div>\n\t\t\t\t\t\t\t\t\t\t\t\t\t\t\t\t\t\t\t\t\t\t<div class=\"elementor-testimonial-job\">Odontologia | Ano de Conclus\u00e3o: 2021<\/div>\n\t\t\t\t\t\t\t\t\t\t\t\t\t<\/div>\n\t\t\t\t\t\t\t\t\t<\/div>\n\t\t\t<\/div>\n\t\t\t\t\t<\/div>\n\t\t\t\t\t\t<\/div>\n\t\t\t\t<\/div>\n\t\t\t\t<div class=\"elementor-element elementor-element-ba4e0eb elementor-widget-divider--view-line elementor-widget elementor-widget-divider\" data-id=\"ba4e0eb\" data-element_type=\"widget\" data-widget_type=\"divider.default\">\n\t\t\t\t<div class=\"elementor-widget-container\">\n\t\t\t\t\t\t\t<div class=\"elementor-divider\">\n\t\t\t<span class=\"elementor-divider-separator\">\n\t\t\t\t\t\t<\/span>\n\t\t<\/div>\n\t\t\t\t\t\t<\/div>\n\t\t\t\t<\/div>\n\t\t\t\t<div class=\"elementor-element elementor-element-6157184 elementor-widget elementor-widget-testimonial\" data-id=\"6157184\" data-element_type=\"widget\" data-widget_type=\"testimonial.default\">\n\t\t\t\t<div class=\"elementor-widget-container\">\n\t\t\t\t\t\t\t<div class=\"elementor-testimonial-wrapper\">\n\t\t\t\t\t\t\t<div class=\"elementor-testimonial-content\"><span><span style=\"font-size: 11pt;font-family: Calibri, sans-serif;font-style: italic\">\"Minha trajet\u00f3ria na farm\u00e1cia come\u00e7ou na gradua\u00e7\u00e3o, durante um est\u00e1gio na \u00e1rea oncol\u00f3gica. Foi ali que entendi o poder transformador da profiss\u00e3o. Ap\u00f3s a formatura, mergulhei de cabe\u00e7a na especializa\u00e7\u00e3o em Oncologia Multiprofissional no Hospital Albert Einstein e, em seguida, atuei como farmac\u00eautico oncol\u00f3gico. Mas algo em mim tamb\u00e9m queria ir al\u00e9m. Compartilhar conhecimento, trocar experi\u00eancias, inspirar outras pessoas. Foi assim que encontrei a doc\u00eancia. Hoje, sou professor na \u00e1rea da sa\u00fade, atuando em cursos profissionalizantes e trabalhando com inova\u00e7\u00e3o em educa\u00e7\u00e3o no Senac Ourinhos. Levo para a sala de aula tudo aquilo que aprendi na pr\u00e1tica, e continuo aprendendo. Atualmente, estou cursando uma p\u00f3s-gradua\u00e7\u00e3o em Acupuntura. Essa nova etapa tem me conectado ainda mais, com uma vis\u00e3o integrativa do cuidado, unindo ci\u00eancia, preven\u00e7\u00e3o e bem-estar. <\/span><span style=\"font-size: 11pt;font-family: Calibri, sans-serif;font-style: italic\">E se tem algo que aprendi at\u00e9 aqui, \u00e9 que a Farm\u00e1cia pode nos levar por caminhos incr\u00edveis, basta estarmos abertos \u00e0s oportunidades e acreditarmos no nosso pr\u00f3prio percurso e a Unifio me proporcionou isso!\"<\/span><\/span><\/div>\n\t\t\t\n\t\t\t\t\t\t<div class=\"elementor-testimonial-meta elementor-has-image elementor-testimonial-image-position-aside\">\n\t\t\t\t<div class=\"elementor-testimonial-meta-inner\">\n\t\t\t\t\t\t\t\t\t\t\t<div class=\"elementor-testimonial-image\">\n\t\t\t\t\t\t\t<img loading=\"lazy\" decoding=\"async\" width=\"370\" height=\"419\" src=\"https:\/\/www.unifio.edu.br\/wp-content\/uploads\/2025\/05\/Felipe-Canizela.jpg\" class=\"attachment-full size-full wp-image-21982\" alt=\"\" srcset=\"https:\/\/www.unifio.edu.br\/wp-content\/uploads\/2025\/05\/Felipe-Canizela.jpg 370w, https:\/\/www.unifio.edu.br\/wp-content\/uploads\/2025\/05\/Felipe-Canizela-265x300.jpg 265w\" sizes=\"(max-width: 370px) 100vw, 370px\" \/>\t\t\t\t\t\t<\/div>\n\t\t\t\t\t\n\t\t\t\t\t\t\t\t\t\t<div class=\"elementor-testimonial-details\">\n\t\t\t\t\t\t\t\t\t\t\t\t\t\t<div class=\"elementor-testimonial-name\">Felipe Canizela<\/div>\n\t\t\t\t\t\t\t\t\t\t\t\t\t\t\t\t\t\t\t\t\t\t<div class=\"elementor-testimonial-job\">Farm\u00e1cia | Ano Conclus\u00e3o: 2020<\/div>\n\t\t\t\t\t\t\t\t\t\t\t\t\t<\/div>\n\t\t\t\t\t\t\t\t\t<\/div>\n\t\t\t<\/div>\n\t\t\t\t\t<\/div>\n\t\t\t\t\t\t<\/div>\n\t\t\t\t<\/div>\n\t\t\t\t<div class=\"elementor-element elementor-element-88d06f8 elementor-widget-divider--view-line elementor-widget elementor-widget-divider\" data-id=\"88d06f8\" data-element_type=\"widget\" data-widget_type=\"divider.default\">\n\t\t\t\t<div class=\"elementor-widget-container\">\n\t\t\t\t\t\t\t<div class=\"elementor-divider\">\n\t\t\t<span class=\"elementor-divider-separator\">\n\t\t\t\t\t\t<\/span>\n\t\t<\/div>\n\t\t\t\t\t\t<\/div>\n\t\t\t\t<\/div>\n\t\t\t\t<div class=\"elementor-element elementor-element-bc12e2e elementor-widget elementor-widget-testimonial\" data-id=\"bc12e2e\" data-element_type=\"widget\" data-widget_type=\"testimonial.default\">\n\t\t\t\t<div class=\"elementor-widget-container\">\n\t\t\t\t\t\t\t<div class=\"elementor-testimonial-wrapper\">\n\t\t\t\t\t\t\t<div class=\"elementor-testimonial-content\">\u201cDepois de me formar em Ci\u00eancias Biol\u00f3gicas, tive uma excelente experi\u00eancia nesta \u00e1rea. As\naulas laboratoriais bem-estruturadas oferecidas pela Institui\u00e7\u00e3o e a excelente equipe docente,\ncom grandes conhecimentos e compet\u00eancias, impulsionaram minha carreira, e, gra\u00e7as \u00e0\nexperi\u00eancia adquirida com o curso e ao apoio de todos os meus instrutores, pude participar da\nimplanta\u00e7\u00e3o de um Laborat\u00f3rio de Microbiologia na empresa. Sou Analista de Laborat\u00f3rio, e\nminha carreira foi aprimorada por meio de uma vida inteira de dedica\u00e7\u00e3o, aprendizado e o\nconjunto de constru\u00e7\u00f5es das quais eu ainda estou em evolu\u00e7\u00e3o.\u201d<\/div>\n\t\t\t\n\t\t\t\t\t\t<div class=\"elementor-testimonial-meta elementor-has-image elementor-testimonial-image-position-aside\">\n\t\t\t\t<div class=\"elementor-testimonial-meta-inner\">\n\t\t\t\t\t\t\t\t\t\t\t<div class=\"elementor-testimonial-image\">\n\t\t\t\t\t\t\t<img loading=\"lazy\" decoding=\"async\" width=\"1080\" height=\"1080\" src=\"https:\/\/www.unifio.edu.br\/wp-content\/uploads\/2024\/03\/Paulo-Sergio-Mioto-Junior.png\" class=\"attachment-full size-full wp-image-19188\" alt=\"\" srcset=\"https:\/\/www.unifio.edu.br\/wp-content\/uploads\/2024\/03\/Paulo-Sergio-Mioto-Junior.png 1080w, https:\/\/www.unifio.edu.br\/wp-content\/uploads\/2024\/03\/Paulo-Sergio-Mioto-Junior-300x300.png 300w, https:\/\/www.unifio.edu.br\/wp-content\/uploads\/2024\/03\/Paulo-Sergio-Mioto-Junior-1024x1024.png 1024w, https:\/\/www.unifio.edu.br\/wp-content\/uploads\/2024\/03\/Paulo-Sergio-Mioto-Junior-150x150.png 150w, https:\/\/www.unifio.edu.br\/wp-content\/uploads\/2024\/03\/Paulo-Sergio-Mioto-Junior-768x768.png 768w, https:\/\/www.unifio.edu.br\/wp-content\/uploads\/2024\/03\/Paulo-Sergio-Mioto-Junior-500x500.png 500w\" sizes=\"(max-width: 1080px) 100vw, 1080px\" \/>\t\t\t\t\t\t<\/div>\n\t\t\t\t\t\n\t\t\t\t\t\t\t\t\t\t<div class=\"elementor-testimonial-details\">\n\t\t\t\t\t\t\t\t\t\t\t\t\t\t<div class=\"elementor-testimonial-name\">Paulo S\u00e9rgio Mioto Junior<\/div>\n\t\t\t\t\t\t\t\t\t\t\t\t\t\t\t\t\t\t\t\t\t\t<div class=\"elementor-testimonial-job\">Ci\u00eancias Biol\u00f3gicas  | Ano Conclus\u00e3o: 2020<\/div>\n\t\t\t\t\t\t\t\t\t\t\t\t\t<\/div>\n\t\t\t\t\t\t\t\t\t<\/div>\n\t\t\t<\/div>\n\t\t\t\t\t<\/div>\n\t\t\t\t\t\t<\/div>\n\t\t\t\t<\/div>\n\t\t\t\t<div class=\"elementor-element elementor-element-f6f5444 elementor-widget-divider--view-line elementor-widget elementor-widget-divider\" data-id=\"f6f5444\" data-element_type=\"widget\" data-widget_type=\"divider.default\">\n\t\t\t\t<div class=\"elementor-widget-container\">\n\t\t\t\t\t\t\t<div class=\"elementor-divider\">\n\t\t\t<span class=\"elementor-divider-separator\">\n\t\t\t\t\t\t<\/span>\n\t\t<\/div>\n\t\t\t\t\t\t<\/div>\n\t\t\t\t<\/div>\n\t\t\t\t<div class=\"elementor-element elementor-element-466aede elementor-widget elementor-widget-testimonial\" data-id=\"466aede\" data-element_type=\"widget\" data-widget_type=\"testimonial.default\">\n\t\t\t\t<div class=\"elementor-widget-container\">\n\t\t\t\t\t\t\t<div class=\"elementor-testimonial-wrapper\">\n\t\t\t\t\t\t\t<div class=\"elementor-testimonial-content\">\u201cFui aluno do Unifio e sou graduado em Engenharia El\u00e9trica desde 2020. A Institui\u00e7\u00e3o foi\nextremamente importante para que eu pudesse n\u00e3o s\u00f3 aprender e desenvolver o lado t\u00e9cnico\nda profiss\u00e3o, mas tamb\u00e9m o lado interpessoal, visto que o Unifio tem como valores e projetos a\nintera\u00e7\u00e3o e o compartilhamento de informa\u00e7\u00f5es, possibilitando a interdisciplinaridade na\nforma\u00e7\u00e3o do conhecimento. Fui desafiado e estimulado pelos professores em desenvolver\nprojetos, fazendo uso dos laborat\u00f3rios did\u00e1ticos, que possibilitaram uma vis\u00e3o pr\u00e1tica e\naplicada da engenharia e tecnologia n\u00e3o s\u00f3 no mercado de trabalho, mas no cotidiano como\nsociedade. Recebi o pr\u00eamio de \u201cAluno Destaque\u201d pelo Conselho Regional de Engenharia e\nAgronomia de S\u00e3o Paulo (CREA-SP), e sou grato por todos os envolvidos em minha jornada\nprofissional. Essa conquista facilitou para o crescimento da minha carreira e tenho o prazer em\ncompartilhar tal sucesso.<\/div>\n\t\t\t\n\t\t\t\t\t\t<div class=\"elementor-testimonial-meta elementor-has-image elementor-testimonial-image-position-aside\">\n\t\t\t\t<div class=\"elementor-testimonial-meta-inner\">\n\t\t\t\t\t\t\t\t\t\t\t<div class=\"elementor-testimonial-image\">\n\t\t\t\t\t\t\t<img loading=\"lazy\" decoding=\"async\" width=\"1080\" height=\"1080\" src=\"https:\/\/www.unifio.edu.br\/wp-content\/uploads\/2024\/03\/Vinicius-Storer-Beltrame.png\" class=\"attachment-full size-full wp-image-19217\" alt=\"\" srcset=\"https:\/\/www.unifio.edu.br\/wp-content\/uploads\/2024\/03\/Vinicius-Storer-Beltrame.png 1080w, https:\/\/www.unifio.edu.br\/wp-content\/uploads\/2024\/03\/Vinicius-Storer-Beltrame-300x300.png 300w, https:\/\/www.unifio.edu.br\/wp-content\/uploads\/2024\/03\/Vinicius-Storer-Beltrame-1024x1024.png 1024w, https:\/\/www.unifio.edu.br\/wp-content\/uploads\/2024\/03\/Vinicius-Storer-Beltrame-150x150.png 150w, https:\/\/www.unifio.edu.br\/wp-content\/uploads\/2024\/03\/Vinicius-Storer-Beltrame-768x768.png 768w, https:\/\/www.unifio.edu.br\/wp-content\/uploads\/2024\/03\/Vinicius-Storer-Beltrame-500x500.png 500w\" sizes=\"(max-width: 1080px) 100vw, 1080px\" \/>\t\t\t\t\t\t<\/div>\n\t\t\t\t\t\n\t\t\t\t\t\t\t\t\t\t<div class=\"elementor-testimonial-details\">\n\t\t\t\t\t\t\t\t\t\t\t\t\t\t<div class=\"elementor-testimonial-name\">Vin\u00edcius Storer Beltrame<\/div>\n\t\t\t\t\t\t\t\t\t\t\t\t\t\t\t\t\t\t\t\t\t\t<div class=\"elementor-testimonial-job\">Engenharia El\u00e9trica | Ano de Conclus\u00e3o : 2020<\/div>\n\t\t\t\t\t\t\t\t\t\t\t\t\t<\/div>\n\t\t\t\t\t\t\t\t\t<\/div>\n\t\t\t<\/div>\n\t\t\t\t\t<\/div>\n\t\t\t\t\t\t<\/div>\n\t\t\t\t<\/div>\n\t\t\t\t<div class=\"elementor-element elementor-element-330633e elementor-widget-divider--view-line elementor-widget elementor-widget-divider\" data-id=\"330633e\" data-element_type=\"widget\" data-widget_type=\"divider.default\">\n\t\t\t\t<div class=\"elementor-widget-container\">\n\t\t\t\t\t\t\t<div class=\"elementor-divider\">\n\t\t\t<span class=\"elementor-divider-separator\">\n\t\t\t\t\t\t<\/span>\n\t\t<\/div>\n\t\t\t\t\t\t<\/div>\n\t\t\t\t<\/div>\n\t\t\t\t<div class=\"elementor-element elementor-element-0d0291f elementor-widget elementor-widget-testimonial\" data-id=\"0d0291f\" data-element_type=\"widget\" data-widget_type=\"testimonial.default\">\n\t\t\t\t<div class=\"elementor-widget-container\">\n\t\t\t\t\t\t\t<div class=\"elementor-testimonial-wrapper\">\n\t\t\t\t\t\t\t<div class=\"elementor-testimonial-content\">\u201cSou graduada em Medicina Veterin\u00e1ria. A gradua\u00e7\u00e3o \u00e9 um momento de descobertas, desafios\ne obst\u00e1culos que nos preparam para a vida profissional, a fim de que tudo o que sonhamos um\ndia se torne realidade, e o corpo docente da Unifio nos mostra isso, permitindo esse momento\nmais leve e cheio de grandes hist\u00f3rias, incentivando a trilhar o nosso caminho com \u00eaxito.\nParticipei do Aprimoramento no Setor de Cl\u00ednica Cir\u00fargica de Pequenos Animais no UNIFIO\ndurante 2 anos. Ap\u00f3s, iniciei o meu trabalho em uma Cl\u00ednica Veterin\u00e1ria. Hoje ministro aulas de\nMedicina dos Animais Silvestres e Ex\u00f3ticos no UNIFIO. Conclu\u00ed meu Mestrado em 2023.\nAtualmente sou s\u00f3cia-propriet\u00e1ria do OncoEletric, empresa que atua no trabalho volante na\n\u00e1rea de Oncologia Veterin\u00e1ria, com \u00eanfase em Eletroquimioterapia. Nunca desista dos seus\nsonhos.\u201d\n\u201cA persist\u00eancia \u00e9 o caminho do \u00eaxito (Charles Chaplin)\u201d.<\/div>\n\t\t\t\n\t\t\t\t\t\t<div class=\"elementor-testimonial-meta elementor-has-image elementor-testimonial-image-position-aside\">\n\t\t\t\t<div class=\"elementor-testimonial-meta-inner\">\n\t\t\t\t\t\t\t\t\t\t\t<div class=\"elementor-testimonial-image\">\n\t\t\t\t\t\t\t<img loading=\"lazy\" decoding=\"async\" width=\"1080\" height=\"1080\" src=\"https:\/\/www.unifio.edu.br\/wp-content\/uploads\/2024\/03\/Suelem-Lavorato.png\" class=\"attachment-full size-full wp-image-19159\" alt=\"\" srcset=\"https:\/\/www.unifio.edu.br\/wp-content\/uploads\/2024\/03\/Suelem-Lavorato.png 1080w, https:\/\/www.unifio.edu.br\/wp-content\/uploads\/2024\/03\/Suelem-Lavorato-300x300.png 300w, https:\/\/www.unifio.edu.br\/wp-content\/uploads\/2024\/03\/Suelem-Lavorato-1024x1024.png 1024w, https:\/\/www.unifio.edu.br\/wp-content\/uploads\/2024\/03\/Suelem-Lavorato-150x150.png 150w, https:\/\/www.unifio.edu.br\/wp-content\/uploads\/2024\/03\/Suelem-Lavorato-768x768.png 768w, https:\/\/www.unifio.edu.br\/wp-content\/uploads\/2024\/03\/Suelem-Lavorato-500x500.png 500w\" sizes=\"(max-width: 1080px) 100vw, 1080px\" \/>\t\t\t\t\t\t<\/div>\n\t\t\t\t\t\n\t\t\t\t\t\t\t\t\t\t<div class=\"elementor-testimonial-details\">\n\t\t\t\t\t\t\t\t\t\t\t\t\t\t<div class=\"elementor-testimonial-name\">Su\u00e9lem Lavorato de Oliveira<\/div>\n\t\t\t\t\t\t\t\t\t\t\t\t\t\t\t\t\t\t\t\t\t\t<div class=\"elementor-testimonial-job\">Medicina Veterin\u00e1ria | Ano de Conclus\u00e3o: 2017<\/div>\n\t\t\t\t\t\t\t\t\t\t\t\t\t<\/div>\n\t\t\t\t\t\t\t\t\t<\/div>\n\t\t\t<\/div>\n\t\t\t\t\t<\/div>\n\t\t\t\t\t\t<\/div>\n\t\t\t\t<\/div>\n\t\t\t\t<div class=\"elementor-element elementor-element-91e22cd elementor-widget-divider--view-line elementor-widget elementor-widget-divider\" data-id=\"91e22cd\" data-element_type=\"widget\" data-widget_type=\"divider.default\">\n\t\t\t\t<div class=\"elementor-widget-container\">\n\t\t\t\t\t\t\t<div class=\"elementor-divider\">\n\t\t\t<span class=\"elementor-divider-separator\">\n\t\t\t\t\t\t<\/span>\n\t\t<\/div>\n\t\t\t\t\t\t<\/div>\n\t\t\t\t<\/div>\n\t\t\t\t<div class=\"elementor-element elementor-element-6601f3d elementor-widget elementor-widget-testimonial\" data-id=\"6601f3d\" data-element_type=\"widget\" data-widget_type=\"testimonial.default\">\n\t\t\t\t<div class=\"elementor-widget-container\">\n\t\t\t\t\t\t\t<div class=\"elementor-testimonial-wrapper\">\n\t\t\t\t\t\t\t<div class=\"elementor-testimonial-content\">\u201cSou enfermeiro, graduado pelo UNIFIO desde 2015. Busquei nesse per\u00edodo de forma\u00e7\u00e3o me\nenvolver em atividades integradas com ensino-servi\u00e7o-comunidade, assimilando componentes\nfundamentais para que a minha pr\u00e1tica profissional estivesse alinhada a reais necessidades de\nsa\u00fade dos pacientes assistidos pelo meu cuidado. Com a pr\u00e1tica profissional, me encantei pela\nassist\u00eancia de enfermagem \u00e0 sa\u00fade da crian\u00e7a e do adolescente, o que me motivou a me\nespecializar em Pediatria e Cuidados Intensivos Neonatais pelas Faculdades Pequeno\nPr\u00edncipe. Fiz mestrado em Ensino nas Ci\u00eancias da Sa\u00fade e me apliquei em estudos\ndirecionados aos processos de ensino-aprendizagem no ensino superior na \u00e1rea da sa\u00fade.\nAtualmente, sou Doutorando em Enfermagem na Universidade Estadual de Londrina, com uma\nlinha de pesquisa voltada para a Sa\u00fade do Adolescente e a Educa\u00e7\u00e3o Sexual. Acredito que,\nal\u00e9m de todas as diretrizes t\u00e9cnicas e cient\u00edficas que s\u00e3o obrigat\u00f3rias ao curso, o UNIFIO\ntamb\u00e9m se preocupa em conectar prop\u00f3sitos e transmitir aos alunos a ess\u00eancia do cuidado de\nenfermagem. Ap\u00f3s anos transitando pela assist\u00eancia, gest\u00e3o e pela pesquisa, entendo que a\nfundamenta\u00e7\u00e3o acad\u00eamica que obtive no UNIFIO me trouxe subs\u00eddios para um exerc\u00edcio\nprofissional seguro, resolutivo, cient\u00edfico e humano, al\u00e9m do cont\u00ednuo despertar em alcan\u00e7ar\ngrandes realiza\u00e7\u00f5es profissionais.\u201d<\/div>\n\t\t\t\n\t\t\t\t\t\t<div class=\"elementor-testimonial-meta elementor-has-image elementor-testimonial-image-position-aside\">\n\t\t\t\t<div class=\"elementor-testimonial-meta-inner\">\n\t\t\t\t\t\t\t\t\t\t\t<div class=\"elementor-testimonial-image\">\n\t\t\t\t\t\t\t<img loading=\"lazy\" decoding=\"async\" width=\"1080\" height=\"1080\" src=\"https:\/\/www.unifio.edu.br\/wp-content\/uploads\/2024\/03\/KRISTIAN-SBOLLI.png\" class=\"attachment-full size-full wp-image-19196\" alt=\"\" srcset=\"https:\/\/www.unifio.edu.br\/wp-content\/uploads\/2024\/03\/KRISTIAN-SBOLLI.png 1080w, https:\/\/www.unifio.edu.br\/wp-content\/uploads\/2024\/03\/KRISTIAN-SBOLLI-300x300.png 300w, https:\/\/www.unifio.edu.br\/wp-content\/uploads\/2024\/03\/KRISTIAN-SBOLLI-1024x1024.png 1024w, https:\/\/www.unifio.edu.br\/wp-content\/uploads\/2024\/03\/KRISTIAN-SBOLLI-150x150.png 150w, https:\/\/www.unifio.edu.br\/wp-content\/uploads\/2024\/03\/KRISTIAN-SBOLLI-768x768.png 768w, https:\/\/www.unifio.edu.br\/wp-content\/uploads\/2024\/03\/KRISTIAN-SBOLLI-500x500.png 500w\" sizes=\"(max-width: 1080px) 100vw, 1080px\" \/>\t\t\t\t\t\t<\/div>\n\t\t\t\t\t\n\t\t\t\t\t\t\t\t\t\t<div class=\"elementor-testimonial-details\">\n\t\t\t\t\t\t\t\t\t\t\t\t\t\t<div class=\"elementor-testimonial-name\">Kristian Sbolli<\/div>\n\t\t\t\t\t\t\t\t\t\t\t\t\t\t\t\t\t\t\t\t\t\t<div class=\"elementor-testimonial-job\">Enfermagem | Ano de Conclus\u00e3o: 2015<\/div>\n\t\t\t\t\t\t\t\t\t\t\t\t\t<\/div>\n\t\t\t\t\t\t\t\t\t<\/div>\n\t\t\t<\/div>\n\t\t\t\t\t<\/div>\n\t\t\t\t\t\t<\/div>\n\t\t\t\t<\/div>\n\t\t\t\t<div class=\"elementor-element elementor-element-50b85e0 elementor-widget-divider--view-line elementor-widget elementor-widget-divider\" data-id=\"50b85e0\" data-element_type=\"widget\" data-widget_type=\"divider.default\">\n\t\t\t\t<div class=\"elementor-widget-container\">\n\t\t\t\t\t\t\t<div class=\"elementor-divider\">\n\t\t\t<span class=\"elementor-divider-separator\">\n\t\t\t\t\t\t<\/span>\n\t\t<\/div>\n\t\t\t\t\t\t<\/div>\n\t\t\t\t<\/div>\n\t\t\t\t<div class=\"elementor-element elementor-element-c40fd91 elementor-widget__width-initial elementor-widget elementor-widget-testimonial\" data-id=\"c40fd91\" data-element_type=\"widget\" data-widget_type=\"testimonial.default\">\n\t\t\t\t<div class=\"elementor-widget-container\">\n\t\t\t\t\t\t\t<div class=\"elementor-testimonial-wrapper\">\n\t\t\t\t\t\t\t<div class=\"elementor-testimonial-content\">\u201cIniciei minhas atividades acad\u00eamicas em 2011 nesta Institui\u00e7\u00e3o, em Agronomia, e conclu\u00ed os\nestudos em 2014, como Bacharel. Consegui construir uma carreira baseada na excel\u00eancia de\nprofessores muito especiais e dedicados. No \u00faltimo ano de estudos ingressei em um est\u00e1gio\nsupervisionado, o que alavancou na experi\u00eancia em concluir meu mestrado em Qualidade de\nSementes. Seja sempre perseverante para conquistar seus objetivos e que nunca lhe falte a\nf\u00e9.\u201d<\/div>\n\t\t\t\n\t\t\t\t\t\t<div class=\"elementor-testimonial-meta elementor-has-image elementor-testimonial-image-position-aside\">\n\t\t\t\t<div class=\"elementor-testimonial-meta-inner\">\n\t\t\t\t\t\t\t\t\t\t\t<div class=\"elementor-testimonial-image\">\n\t\t\t\t\t\t\t<img loading=\"lazy\" decoding=\"async\" width=\"3508\" height=\"4961\" src=\"https:\/\/www.unifio.edu.br\/wp-content\/uploads\/2024\/03\/Rafael-Bonetti.png\" class=\"attachment-full size-full wp-image-19124\" alt=\"\" srcset=\"https:\/\/www.unifio.edu.br\/wp-content\/uploads\/2024\/03\/Rafael-Bonetti.png 3508w, https:\/\/www.unifio.edu.br\/wp-content\/uploads\/2024\/03\/Rafael-Bonetti-212x300.png 212w, https:\/\/www.unifio.edu.br\/wp-content\/uploads\/2024\/03\/Rafael-Bonetti-724x1024.png 724w, https:\/\/www.unifio.edu.br\/wp-content\/uploads\/2024\/03\/Rafael-Bonetti-768x1086.png 768w, https:\/\/www.unifio.edu.br\/wp-content\/uploads\/2024\/03\/Rafael-Bonetti-1086x1536.png 1086w, https:\/\/www.unifio.edu.br\/wp-content\/uploads\/2024\/03\/Rafael-Bonetti-1448x2048.png 1448w\" sizes=\"(max-width: 3508px) 100vw, 3508px\" \/>\t\t\t\t\t\t<\/div>\n\t\t\t\t\t\n\t\t\t\t\t\t\t\t\t\t<div class=\"elementor-testimonial-details\">\n\t\t\t\t\t\t\t\t\t\t\t\t\t\t<div class=\"elementor-testimonial-name\">Rafael Bonetti<\/div>\n\t\t\t\t\t\t\t\t\t\t\t\t\t\t\t\t\t\t\t\t\t\t<div class=\"elementor-testimonial-job\">Agronomia | Ano de Conclus\u00e3o: 2014<\/div>\n\t\t\t\t\t\t\t\t\t\t\t\t\t<\/div>\n\t\t\t\t\t\t\t\t\t<\/div>\n\t\t\t<\/div>\n\t\t\t\t\t<\/div>\n\t\t\t\t\t\t<\/div>\n\t\t\t\t<\/div>\n\t\t\t\t<div class=\"elementor-element elementor-element-b4e5ee9 elementor-widget-divider--view-line elementor-widget elementor-widget-divider\" data-id=\"b4e5ee9\" data-element_type=\"widget\" data-widget_type=\"divider.default\">\n\t\t\t\t<div class=\"elementor-widget-container\">\n\t\t\t\t\t\t\t<div class=\"elementor-divider\">\n\t\t\t<span class=\"elementor-divider-separator\">\n\t\t\t\t\t\t<\/span>\n\t\t<\/div>\n\t\t\t\t\t\t<\/div>\n\t\t\t\t<\/div>\n\t\t\t\t<div class=\"elementor-element elementor-element-13ca891 elementor-widget elementor-widget-testimonial\" data-id=\"13ca891\" data-element_type=\"widget\" data-widget_type=\"testimonial.default\">\n\t\t\t\t<div class=\"elementor-widget-container\">\n\t\t\t\t\t\t\t<div class=\"elementor-testimonial-wrapper\">\n\t\t\t\t\t\t\t<div class=\"elementor-testimonial-content\">\u201cSou formada em Direito. Sempre busquei aproveitar as oportunidades de amplia\u00e7\u00e3o de\nconhecimentos pr\u00e1ticos e te\u00f3ricos que a faculdade me proporcionou. A vida acad\u00eamica \u00e9 o\nmomento de se dedicar ao m\u00e1ximo a explorar todas as oportunidades que a institui\u00e7\u00e3o oferece,\nseja por meio da absor\u00e7\u00e3o dos conhecimentos transmitidos pelos docentes ou, ainda, pela\nbusca de atividades complementares. Experi\u00eancias em simp\u00f3sios de inicia\u00e7\u00e3o cient\u00edfica e\nest\u00e1gio supervisionado no Minist\u00e9rio P\u00fablico foram fundamentais para aplicar a teoria e\nvivenciar o ambiente forense. Na conclus\u00e3o de curso tive a satisfa\u00e7\u00e3o de receber o pr\u00eamio de\nmelhor monografia do semestre. Fui aprovada no exame da OAB ainda no nono termo do\ncurso. Especializei-me em Direito Penal e Processual Penal, e desde 2014 atuo como\nProcuradora do Munic\u00edpio de Ourinhos\/SP. Apesar de clich\u00ea, a li\u00e7\u00e3o que jamais deve ser\nesquecida \u00e9 a de que o conhecimento \u00e9 o bem mais valioso que algu\u00e9m pode possuir, pois ele\nliberta, abre caminhos e traz progresso \u00e0 sociedade.\u201d\n<\/div>\n\t\t\t\n\t\t\t\t\t\t<div class=\"elementor-testimonial-meta elementor-has-image elementor-testimonial-image-position-aside\">\n\t\t\t\t<div class=\"elementor-testimonial-meta-inner\">\n\t\t\t\t\t\t\t\t\t\t\t<div class=\"elementor-testimonial-image\">\n\t\t\t\t\t\t\t<img loading=\"lazy\" decoding=\"async\" width=\"1080\" height=\"1080\" src=\"https:\/\/www.unifio.edu.br\/wp-content\/uploads\/2024\/03\/Priscila-Aparecida.png\" class=\"attachment-full size-full wp-image-19175\" alt=\"\" srcset=\"https:\/\/www.unifio.edu.br\/wp-content\/uploads\/2024\/03\/Priscila-Aparecida.png 1080w, https:\/\/www.unifio.edu.br\/wp-content\/uploads\/2024\/03\/Priscila-Aparecida-300x300.png 300w, https:\/\/www.unifio.edu.br\/wp-content\/uploads\/2024\/03\/Priscila-Aparecida-1024x1024.png 1024w, https:\/\/www.unifio.edu.br\/wp-content\/uploads\/2024\/03\/Priscila-Aparecida-150x150.png 150w, https:\/\/www.unifio.edu.br\/wp-content\/uploads\/2024\/03\/Priscila-Aparecida-768x768.png 768w, https:\/\/www.unifio.edu.br\/wp-content\/uploads\/2024\/03\/Priscila-Aparecida-500x500.png 500w\" sizes=\"(max-width: 1080px) 100vw, 1080px\" \/>\t\t\t\t\t\t<\/div>\n\t\t\t\t\t\n\t\t\t\t\t\t\t\t\t\t<div class=\"elementor-testimonial-details\">\n\t\t\t\t\t\t\t\t\t\t\t\t\t\t<div class=\"elementor-testimonial-name\">Priscila Aparecida Ehrlich<\/div>\n\t\t\t\t\t\t\t\t\t\t\t\t\t\t\t\t\t\t\t\t\t\t<div class=\"elementor-testimonial-job\">Direito | Ano de Conclus\u00e3o: 2010<\/div>\n\t\t\t\t\t\t\t\t\t\t\t\t\t<\/div>\n\t\t\t\t\t\t\t\t\t<\/div>\n\t\t\t<\/div>\n\t\t\t\t\t<\/div>\n\t\t\t\t\t\t<\/div>\n\t\t\t\t<\/div>\n\t\t\t\t<div class=\"elementor-element elementor-element-95e1244 elementor-widget-divider--view-line elementor-widget elementor-widget-divider\" data-id=\"95e1244\" data-element_type=\"widget\" data-widget_type=\"divider.default\">\n\t\t\t\t<div class=\"elementor-widget-container\">\n\t\t\t\t\t\t\t<div class=\"elementor-divider\">\n\t\t\t<span class=\"elementor-divider-separator\">\n\t\t\t\t\t\t<\/span>\n\t\t<\/div>\n\t\t\t\t\t\t<\/div>\n\t\t\t\t<\/div>\n\t\t\t\t\t<\/div>\n\t\t<\/div>\n\t\t\t\t\t<\/div>\n\t\t<\/section>\n\t\t\t\t<section class=\"elementor-section elementor-top-section elementor-element elementor-element-e3a70ed elementor-section-full_width elementor-section-height-default elementor-section-height-default\" data-id=\"e3a70ed\" data-element_type=\"section\">\n\t\t\t\t\t\t<div class=\"elementor-container elementor-column-gap-default\">\n\t\t\t\t\t<div class=\"elementor-column elementor-col-50 elementor-top-column elementor-element elementor-element-a5640b0\" data-id=\"a5640b0\" data-element_type=\"column\">\n\t\t\t<div class=\"elementor-widget-wrap elementor-element-populated\">\n\t\t\t\t\t\t<div class=\"elementor-element elementor-element-a042444 elementor-widget elementor-widget-heading\" data-id=\"a042444\" data-element_type=\"widget\" data-widget_type=\"heading.default\">\n\t\t\t\t<div class=\"elementor-widget-container\">\n\t\t\t\t\t<h1 class=\"elementor-heading-title elementor-size-default\"><b>Fale conosco egresso<\/b><\/h1>\t\t\t\t<\/div>\n\t\t\t\t<\/div>\n\t\t\t\t<div class=\"elementor-element elementor-element-14db08c elementor-align-center elementor-widget elementor-widget-button\" data-id=\"14db08c\" data-element_type=\"widget\" data-widget_type=\"button.default\">\n\t\t\t\t<div class=\"elementor-widget-container\">\n\t\t\t\t\t\t\t\t\t<div class=\"elementor-button-wrapper\">\n\t\t\t\t\t<a class=\"elementor-button elementor-button-link elementor-size-sm\" href=\"https:\/\/forms.gle\/HbqAGcKDGrVZ1zRYA\" target=\"_blank\" rel=\"noopener\">\n\t\t\t\t\t\t<span class=\"elementor-button-content-wrapper\">\n\t\t\t\t\t\t\t\t\t<span class=\"elementor-button-text\">Question\u00e1rio de Avalia\u00e7\u00e3o<\/span>\n\t\t\t\t\t<\/span>\n\t\t\t\t\t<\/a>\n\t\t\t\t<\/div>\n\t\t\t\t\t\t\t\t<\/div>\n\t\t\t\t<\/div>\n\t\t\t\t\t<\/div>\n\t\t<\/div>\n\t\t\t\t<div class=\"elementor-column elementor-col-50 elementor-top-column elementor-element elementor-element-236423b\" data-id=\"236423b\" data-element_type=\"column\">\n\t\t\t<div class=\"elementor-widget-wrap elementor-element-populated\">\n\t\t\t\t\t\t<div class=\"elementor-element elementor-element-38976de elementor-widget elementor-widget-toggle\" data-id=\"38976de\" data-element_type=\"widget\" data-widget_type=\"toggle.default\">\n\t\t\t\t<div class=\"elementor-widget-container\">\n\t\t\t\t\t\t\t<div class=\"elementor-toggle\">\n\t\t\t\t\t\t\t<div class=\"elementor-toggle-item\">\n\t\t\t\t\t<div id=\"elementor-tab-title-5931\" class=\"elementor-tab-title\" data-tab=\"1\" role=\"button\" aria-controls=\"elementor-tab-content-5931\" aria-expanded=\"false\">\n\t\t\t\t\t\t\t\t\t\t\t\t<span class=\"elementor-toggle-icon elementor-toggle-icon-left\" aria-hidden=\"true\">\n\t\t\t\t\t\t\t\t\t\t\t\t\t\t\t<span class=\"elementor-toggle-icon-closed\"><i class=\"fas fa-caret-right\"><\/i><\/span>\n\t\t\t\t\t\t\t\t<span class=\"elementor-toggle-icon-opened\"><i class=\"elementor-toggle-icon-opened fas fa-caret-up\"><\/i><\/span>\n\t\t\t\t\t\t\t\t\t\t\t\t\t<\/span>\n\t\t\t\t\t\t\t\t\t\t\t\t<a class=\"elementor-toggle-title\" tabindex=\"0\">WhatsApp<\/a>\n\t\t\t\t\t<\/div>\n\n\t\t\t\t\t<div id=\"elementor-tab-content-5931\" class=\"elementor-tab-content elementor-clearfix\" data-tab=\"1\" role=\"region\" aria-labelledby=\"elementor-tab-title-5931\"><p>(14) 9 9652-6909<br \/><br \/><\/p><\/div>\n\t\t\t\t<\/div>\n\t\t\t\t\t\t\t<div class=\"elementor-toggle-item\">\n\t\t\t\t\t<div id=\"elementor-tab-title-5932\" class=\"elementor-tab-title\" data-tab=\"2\" role=\"button\" aria-controls=\"elementor-tab-content-5932\" aria-expanded=\"false\">\n\t\t\t\t\t\t\t\t\t\t\t\t<span class=\"elementor-toggle-icon elementor-toggle-icon-left\" aria-hidden=\"true\">\n\t\t\t\t\t\t\t\t\t\t\t\t\t\t\t<span class=\"elementor-toggle-icon-closed\"><i class=\"fas fa-caret-right\"><\/i><\/span>\n\t\t\t\t\t\t\t\t<span class=\"elementor-toggle-icon-opened\"><i class=\"elementor-toggle-icon-opened fas fa-caret-up\"><\/i><\/span>\n\t\t\t\t\t\t\t\t\t\t\t\t\t<\/span>\n\t\t\t\t\t\t\t\t\t\t\t\t<a class=\"elementor-toggle-title\" tabindex=\"0\">Fale com a secretaria<\/a>\n\t\t\t\t\t<\/div>\n\n\t\t\t\t\t<div id=\"elementor-tab-content-5932\" class=\"elementor-tab-content elementor-clearfix\" data-tab=\"2\" role=\"region\" aria-labelledby=\"elementor-tab-title-5932\"><p>Fone: (14) 3302 6446<\/p><\/div>\n\t\t\t\t<\/div>\n\t\t\t\t\t\t\t<div class=\"elementor-toggle-item\">\n\t\t\t\t\t<div id=\"elementor-tab-title-5933\" class=\"elementor-tab-title\" data-tab=\"3\" role=\"button\" aria-controls=\"elementor-tab-content-5933\" aria-expanded=\"false\">\n\t\t\t\t\t\t\t\t\t\t\t\t<span class=\"elementor-toggle-icon elementor-toggle-icon-left\" aria-hidden=\"true\">\n\t\t\t\t\t\t\t\t\t\t\t\t\t\t\t<span class=\"elementor-toggle-icon-closed\"><i class=\"fas fa-caret-right\"><\/i><\/span>\n\t\t\t\t\t\t\t\t<span class=\"elementor-toggle-icon-opened\"><i class=\"elementor-toggle-icon-opened fas fa-caret-up\"><\/i><\/span>\n\t\t\t\t\t\t\t\t\t\t\t\t\t<\/span>\n\t\t\t\t\t\t\t\t\t\t\t\t<a class=\"elementor-toggle-title\" tabindex=\"0\">E-mail<\/a>\n\t\t\t\t\t<\/div>\n\n\t\t\t\t\t<div id=\"elementor-tab-content-5933\" class=\"elementor-tab-content elementor-clearfix\" data-tab=\"3\" role=\"region\" aria-labelledby=\"elementor-tab-title-5933\"><p>egresso@unifio.edu.br<\/p><\/div>\n\t\t\t\t<\/div>\n\t\t\t\t\t\t\t\t<\/div>\n\t\t\t\t\t\t<\/div>\n\t\t\t\t<\/div>\n\t\t\t\t\t<\/div>\n\t\t<\/div>\n\t\t\t\t\t<\/div>\n\t\t<\/section>\n\t\t\t\t<\/div>\n\t\t","protected":false},"excerpt":{"rendered":"<p>DEPOIMENTOS EGRESSOS \u201cIngressei na UNIFIO com um objetivo claro: construir uma base s\u00f3lida para minha carreira em Biomedicina. Vim de Santo Ant\u00f4nio da Platina, no Paran\u00e1, e fiz parte das [&hellip;]<\/p>\n","protected":false},"author":12,"featured_media":0,"parent":0,"menu_order":0,"comment_status":"closed","ping_status":"closed","template":"elementor_theme","meta":{"_monsterinsights_skip_tracking":false,"_monsterinsights_sitenote_active":false,"_monsterinsights_sitenote_note":"","_monsterinsights_sitenote_category":0,"footnotes":""},"class_list":["post-20313","page","type-page","status-publish","hentry"],"_links":{"self":[{"href":"https:\/\/www.unifio.edu.br\/home\/wp-json\/wp\/v2\/pages\/20313","targetHints":{"allow":["GET"]}}],"collection":[{"href":"https:\/\/www.unifio.edu.br\/home\/wp-json\/wp\/v2\/pages"}],"about":[{"href":"https:\/\/www.unifio.edu.br\/home\/wp-json\/wp\/v2\/types\/page"}],"author":[{"embeddable":true,"href":"https:\/\/www.unifio.edu.br\/home\/wp-json\/wp\/v2\/users\/12"}],"replies":[{"embeddable":true,"href":"https:\/\/www.unifio.edu.br\/home\/wp-json\/wp\/v2\/comments?post=20313"}],"version-history":[{"count":5,"href":"https:\/\/www.unifio.edu.br\/home\/wp-json\/wp\/v2\/pages\/20313\/revisions"}],"predecessor-version":[{"id":22022,"href":"https:\/\/www.unifio.edu.br\/home\/wp-json\/wp\/v2\/pages\/20313\/revisions\/22022"}],"wp:attachment":[{"href":"https:\/\/www.unifio.edu.br\/home\/wp-json\/wp\/v2\/media?parent=20313"}],"curies":[{"name":"wp","href":"https:\/\/api.w.org\/{rel}","templated":true}]}}